{"id":545,"date":"2023-03-02T08:43:49","date_gmt":"2023-03-02T08:43:49","guid":{"rendered":"http:\/\/gzfjwbh.cluster028.hosting.ovh.net\/index.php\/home\/"},"modified":"2024-11-04T15:38:26","modified_gmt":"2024-11-04T14:38:26","slug":"home","status":"publish","type":"page","link":"https:\/\/www.paris-jardins.fr\/","title":{"rendered":"Accueil"},"content":{"rendered":"\t\t<div data-elementor-type=\"wp-page\" data-elementor-id=\"545\" class=\"elementor elementor-545\">\n\t\t\t\t\t\t<section class=\"elementor-section elementor-top-section elementor-element elementor-element-6750af1 elementor-section-full_width elementor-section-height-min-height elementor-section-items-stretch elementor-section-height-default\" data-id=\"6750af1\" data-element_type=\"section\" data-e-type=\"section\" data-settings=\"{&quot;background_background&quot;:&quot;slideshow&quot;,&quot;background_slideshow_gallery&quot;:[],&quot;background_slideshow_loop&quot;:&quot;yes&quot;,&quot;background_slideshow_slide_duration&quot;:5000,&quot;background_slideshow_slide_transition&quot;:&quot;fade&quot;,&quot;background_slideshow_transition_duration&quot;:500}\">\n\t\t\t\t\t\t<div class=\"elementor-container elementor-column-gap-no\">\n\t\t\t\t\t<div class=\"elementor-column elementor-col-100 elementor-top-column elementor-element elementor-element-a9f04a0\" data-id=\"a9f04a0\" data-element_type=\"column\" data-e-type=\"column\" data-settings=\"{&quot;background_background&quot;:&quot;classic&quot;}\">\n\t\t\t<div class=\"elementor-widget-wrap elementor-element-populated\">\n\t\t\t\t\t<div class=\"elementor-background-overlay\"><\/div>\n\t\t\t\t\t\t<div class=\"elementor-element elementor-element-ee85483 elementor-widget elementor-widget-heading\" data-id=\"ee85483\" data-element_type=\"widget\" data-e-type=\"widget\" data-widget_type=\"heading.default\">\n\t\t\t\t<div class=\"elementor-widget-container\">\n\t\t\t\t\t<h1 class=\"elementor-heading-title elementor-size-default\">Bienvenue dans le domaine priv\u00e9<br>de Paris-Jardins,<br>cit\u00e9 coop\u00e9rative depuis 1911<\/h1>\t\t\t\t<\/div>\n\t\t\t\t<\/div>\n\t\t\t\t<div class=\"elementor-element elementor-element-b5416cb elementor-widget elementor-widget-button\" data-id=\"b5416cb\" data-element_type=\"widget\" data-e-type=\"widget\" data-widget_type=\"button.default\">\n\t\t\t\t<div class=\"elementor-widget-container\">\n\t\t\t\t\t\t\t\t\t<div class=\"elementor-button-wrapper\">\n\t\t\t\t\t<a class=\"elementor-button elementor-button-link elementor-size-sm\" href=\"https:\/\/www.paris-jardins.fr\/index.php\/connexion\/\">\n\t\t\t\t\t\t<span class=\"elementor-button-content-wrapper\">\n\t\t\t\t\t\t\t\t\t<span class=\"elementor-button-text\">ACC\u00c9DER \u00c0 MON COMPTE<\/span>\n\t\t\t\t\t<\/span>\n\t\t\t\t\t<\/a>\n\t\t\t\t<\/div>\n\t\t\t\t\t\t\t\t<\/div>\n\t\t\t\t<\/div>\n\t\t\t\t\t<\/div>\n\t\t<\/div>\n\t\t\t\t\t<\/div>\n\t\t<\/section>\n\t\t\t\t<section class=\"elementor-section elementor-top-section elementor-element elementor-element-5a9354e elementor-section-full_width elementor-section-height-default elementor-section-height-default\" data-id=\"5a9354e\" data-element_type=\"section\" data-e-type=\"section\">\n\t\t\t\t\t\t<div class=\"elementor-container elementor-column-gap-no\">\n\t\t\t\t\t<div class=\"elementor-column elementor-col-100 elementor-top-column elementor-element elementor-element-3732c23\" data-id=\"3732c23\" data-element_type=\"column\" data-e-type=\"column\">\n\t\t\t<div class=\"elementor-widget-wrap elementor-element-populated\">\n\t\t\t\t\t\t<section class=\"elementor-section elementor-inner-section elementor-element elementor-element-66432c1 elementor-section-full_width elementor-section-height-default elementor-section-height-default\" data-id=\"66432c1\" data-element_type=\"section\" data-e-type=\"section\">\n\t\t\t\t\t\t<div class=\"elementor-container elementor-column-gap-no\">\n\t\t\t\t\t<div class=\"elementor-column elementor-col-50 elementor-inner-column elementor-element elementor-element-d6677d0\" data-id=\"d6677d0\" data-element_type=\"column\" data-e-type=\"column\">\n\t\t\t<div class=\"elementor-widget-wrap elementor-element-populated\">\n\t\t\t\t\t\t<div class=\"elementor-element elementor-element-fa245e9 elementor-widget elementor-widget-heading\" data-id=\"fa245e9\" data-element_type=\"widget\" data-e-type=\"widget\" data-widget_type=\"heading.default\">\n\t\t\t\t<div class=\"elementor-widget-container\">\n\t\t\t\t\t<h6 class=\"elementor-heading-title elementor-size-default\">\u00c0 PROPOS<\/h6>\t\t\t\t<\/div>\n\t\t\t\t<\/div>\n\t\t\t\t\t<\/div>\n\t\t<\/div>\n\t\t\t\t<div class=\"elementor-column elementor-col-50 elementor-inner-column elementor-element elementor-element-b5f6333\" data-id=\"b5f6333\" data-element_type=\"column\" data-e-type=\"column\">\n\t\t\t<div class=\"elementor-widget-wrap elementor-element-populated\">\n\t\t\t\t\t\t<div class=\"elementor-element elementor-element-ac3dbab elementor-widget elementor-widget-heading\" data-id=\"ac3dbab\" data-element_type=\"widget\" data-e-type=\"widget\" data-widget_type=\"heading.default\">\n\t\t\t\t<div class=\"elementor-widget-container\">\n\t\t\t\t\t<h2 class=\"elementor-heading-title elementor-size-default\">En retrait du boulevard Henri Barbusse, face aux tilleuls de l'avenue Marcellin Berthelot, l'\u00e9l\u00e9gante fa\u00e7ade ros\u00e9e d'un ch\u00e2teau du XVIII\u00e8 si\u00e8cle se dessine derri\u00e8re une haute grille \u00e0 armoirie.<\/h2>\t\t\t\t<\/div>\n\t\t\t\t<\/div>\n\t\t\t\t<div class=\"elementor-element elementor-element-29df623 elementor-widget elementor-widget-heading\" data-id=\"29df623\" data-element_type=\"widget\" data-e-type=\"widget\" data-widget_type=\"heading.default\">\n\t\t\t\t<div class=\"elementor-widget-container\">\n\t\t\t\t\t<h5 class=\"elementor-heading-title elementor-size-default\">Parmi les Draveillois, nombreux sont ceux qui ignorent que ce ch\u00e2teau fut, sous l'Ancien R\u00e9gime, celui du Seigneur de Draveil, avant de conna\u00eetre une histoire exceptionnelle au XX\u00e8 si\u00e8cle, \u00e0 l'origine de son nom actuel.<\/h5>\t\t\t\t<\/div>\n\t\t\t\t<\/div>\n\t\t\t\t\t<\/div>\n\t\t<\/div>\n\t\t\t\t\t<\/div>\n\t\t<\/section>\n\t\t\t\t<section class=\"elementor-section elementor-inner-section elementor-element elementor-element-e8e547f elementor-section-full_width elementor-section-height-default elementor-section-height-default\" data-id=\"e8e547f\" data-element_type=\"section\" data-e-type=\"section\">\n\t\t\t\t\t\t<div class=\"elementor-container elementor-column-gap-no\">\n\t\t\t\t\t<div class=\"elementor-column elementor-col-25 elementor-inner-column elementor-element elementor-element-705b447\" data-id=\"705b447\" data-element_type=\"column\" data-e-type=\"column\">\n\t\t\t<div class=\"elementor-widget-wrap elementor-element-populated\">\n\t\t\t\t\t\t<div class=\"elementor-element elementor-element-df034c8 elementor-widget elementor-widget-heading\" data-id=\"df034c8\" data-element_type=\"widget\" data-e-type=\"widget\" data-widget_type=\"heading.default\">\n\t\t\t\t<div class=\"elementor-widget-container\">\n\t\t\t\t\t<h6 class=\"elementor-heading-title elementor-size-default\">QU'EST-CE ?<\/h6>\t\t\t\t<\/div>\n\t\t\t\t<\/div>\n\t\t\t\t\t<\/div>\n\t\t<\/div>\n\t\t\t\t<div class=\"elementor-column elementor-col-25 elementor-inner-column elementor-element elementor-element-c5cd4ed\" data-id=\"c5cd4ed\" data-element_type=\"column\" data-e-type=\"column\">\n\t\t\t<div class=\"elementor-widget-wrap elementor-element-populated\">\n\t\t\t\t\t\t<div class=\"elementor-element elementor-element-8bd7772 elementor-widget elementor-widget-heading\" data-id=\"8bd7772\" data-element_type=\"widget\" data-e-type=\"widget\" data-widget_type=\"heading.default\">\n\t\t\t\t<div class=\"elementor-widget-container\">\n\t\t\t\t\t<h5 class=\"elementor-heading-title elementor-size-default\">Paris-Jardins a obtenu le label de Patrimoine d'\u00cele-de-France depuis juillet 2020...<\/h5>\t\t\t\t<\/div>\n\t\t\t\t<\/div>\n\t\t\t\t\t<\/div>\n\t\t<\/div>\n\t\t\t\t<div class=\"elementor-column elementor-col-50 elementor-inner-column elementor-element elementor-element-86402f9\" data-id=\"86402f9\" data-element_type=\"column\" data-e-type=\"column\">\n\t\t\t<div class=\"elementor-widget-wrap elementor-element-populated\">\n\t\t\t\t\t\t<div class=\"elementor-element elementor-element-a2b606d elementor-widget elementor-widget-image-box\" data-id=\"a2b606d\" data-element_type=\"widget\" data-e-type=\"widget\" data-widget_type=\"image-box.default\">\n\t\t\t\t<div class=\"elementor-widget-container\">\n\t\t\t\t\t<div class=\"elementor-image-box-wrapper\"><div class=\"elementor-image-box-content\"><h5 class=\"elementor-image-box-title\">Une cit\u00e9-jardin organis\u00e9e en une coop\u00e9rative<\/h5><p class=\"elementor-image-box-description\">L'endroit se situe \u00e0 Draveil, ville bordant la Seine au sud de Paris, dans l'Essonne.<br>Paris-Jardins est un domaine priv\u00e9 ouvert au public qui s'\u00e9tend sur 42 hectares. Inspir\u00e9 des cit\u00e9s-jardins \u00e0 l'anglaise, la cit\u00e9 est devenue une Soci\u00e9t\u00e9 Anonyme Coop\u00e9rative en 1909. Elle a \u00e9t\u00e9 divis\u00e9 en 322 lots d\u00e8s 1911, en pr\u00e9servant les caract\u00e9ristiques des lieux : perspectives, sym\u00e9tries, bois, v\u00e9g\u00e9tation, \u00e9tangs, ruisseau et ch\u00e2teau. o\u00f9 les habitants de Paris-Jardins s'entraident et s'organisent b\u00e9n\u00e9volement afin de maintenir, am\u00e9liorer et prot\u00e9ger le patrimoine, et s'animent dans l'objectif de garder des liens soud\u00e9s entre soci\u00e9taires. <\/p><\/div><\/div>\t\t\t\t<\/div>\n\t\t\t\t<\/div>\n\t\t\t\t\t<\/div>\n\t\t<\/div>\n\t\t\t\t\t<\/div>\n\t\t<\/section>\n\t\t\t\t<div class=\"elementor-element elementor-element-c02afb8 elementor-widget-divider--view-line elementor-widget elementor-widget-divider\" data-id=\"c02afb8\" data-element_type=\"widget\" data-e-type=\"widget\" data-widget_type=\"divider.default\">\n\t\t\t\t<div class=\"elementor-widget-container\">\n\t\t\t\t\t\t\t<div class=\"elementor-divider\">\n\t\t\t<span class=\"elementor-divider-separator\">\n\t\t\t\t\t\t<\/span>\n\t\t<\/div>\n\t\t\t\t\t\t<\/div>\n\t\t\t\t<\/div>\n\t\t\t\t<div class=\"elementor-element elementor-element-53139cd elementor-widget elementor-widget-heading\" data-id=\"53139cd\" data-element_type=\"widget\" data-e-type=\"widget\" data-widget_type=\"heading.default\">\n\t\t\t\t<div class=\"elementor-widget-container\">\n\t\t\t\t\t<h6 class=\"elementor-heading-title elementor-size-default\">EN IMAGES<\/h6>\t\t\t\t<\/div>\n\t\t\t\t<\/div>\n\t\t\t\t<section class=\"elementor-section elementor-inner-section elementor-element elementor-element-cd9732f elementor-section-full_width elementor-section-height-default elementor-section-height-default\" data-id=\"cd9732f\" data-element_type=\"section\" data-e-type=\"section\">\n\t\t\t\t\t\t<div class=\"elementor-container elementor-column-gap-no\">\n\t\t\t\t\t<div class=\"elementor-column elementor-col-100 elementor-inner-column elementor-element elementor-element-449d3d2\" data-id=\"449d3d2\" data-element_type=\"column\" data-e-type=\"column\">\n\t\t\t<div class=\"elementor-widget-wrap elementor-element-populated\">\n\t\t\t\t\t\t<div class=\"elementor-element elementor-element-7ec7a7e gallery-spacing-custom elementor-widget elementor-widget-image-gallery\" data-id=\"7ec7a7e\" data-element_type=\"widget\" data-e-type=\"widget\" data-widget_type=\"image-gallery.default\">\n\t\t\t\t<div class=\"elementor-widget-container\">\n\t\t\t\t\t\t\t<div class=\"elementor-image-gallery\">\n\t\t\t<div id='gallery-1' class='gallery galleryid-545 gallery-columns-4 gallery-size-full'><figure class='gallery-item'>\n\t\t\t<div class='gallery-icon landscape'>\n\t\t\t\t<a data-elementor-open-lightbox=\"yes\" data-elementor-lightbox-slideshow=\"7ec7a7e\" data-elementor-lightbox-title=\"14.-La-lanterne-vers-1900\" data-e-action-hash=\"#elementor-action%3Aaction%3Dlightbox%26settings%3DeyJpZCI6NTc0LCJ1cmwiOiJodHRwczpcL1wvd3d3LnBhcmlzLWphcmRpbnMuZnJcL3dwLWNvbnRlbnRcL3VwbG9hZHNcLzIwMjNcLzA5XC8xNC4tTGEtbGFudGVybmUtdmVycy0xOTAwLmpwZyIsInNsaWRlc2hvdyI6IjdlYzdhN2UifQ%3D%3D\" href='https:\/\/www.paris-jardins.fr\/wp-content\/uploads\/2023\/09\/14.-La-lanterne-vers-1900.jpg'><img fetchpriority=\"high\" decoding=\"async\" width=\"2196\" height=\"1386\" src=\"https:\/\/www.paris-jardins.fr\/wp-content\/uploads\/2023\/09\/14.-La-lanterne-vers-1900.jpg\" class=\"attachment-full size-full\" alt=\"\" aria-describedby=\"gallery-1-574\" srcset=\"https:\/\/www.paris-jardins.fr\/wp-content\/uploads\/2023\/09\/14.-La-lanterne-vers-1900.jpg 2196w, https:\/\/www.paris-jardins.fr\/wp-content\/uploads\/2023\/09\/14.-La-lanterne-vers-1900-300x189.jpg 300w, https:\/\/www.paris-jardins.fr\/wp-content\/uploads\/2023\/09\/14.-La-lanterne-vers-1900-1024x646.jpg 1024w, https:\/\/www.paris-jardins.fr\/wp-content\/uploads\/2023\/09\/14.-La-lanterne-vers-1900-768x485.jpg 768w, https:\/\/www.paris-jardins.fr\/wp-content\/uploads\/2023\/09\/14.-La-lanterne-vers-1900-1536x969.jpg 1536w, https:\/\/www.paris-jardins.fr\/wp-content\/uploads\/2023\/09\/14.-La-lanterne-vers-1900-2048x1293.jpg 2048w\" sizes=\"(max-width: 2196px) 100vw, 2196px\" \/><\/a>\n\t\t\t<\/div>\n\t\t\t\t<figcaption class='wp-caption-text gallery-caption' id='gallery-1-574'>\n\t\t\t\tLa Lanterne vers 1900\n\t\t\t\t<\/figcaption><\/figure><figure class='gallery-item'>\n\t\t\t<div class='gallery-icon landscape'>\n\t\t\t\t<a data-elementor-open-lightbox=\"yes\" data-elementor-lightbox-slideshow=\"7ec7a7e\" data-elementor-lightbox-title=\"1-b.-Vue-aerienne-sur-chateau-de-Draveil\" data-e-action-hash=\"#elementor-action%3Aaction%3Dlightbox%26settings%3DeyJpZCI6NTY4LCJ1cmwiOiJodHRwczpcL1wvd3d3LnBhcmlzLWphcmRpbnMuZnJcL3dwLWNvbnRlbnRcL3VwbG9hZHNcLzIwMjNcLzA5XC8xLWIuLVZ1ZS1hZXJpZW5uZS1zdXItY2hhdGVhdS1kZS1EcmF2ZWlsLmpwZyIsInNsaWRlc2hvdyI6IjdlYzdhN2UifQ%3D%3D\" href='https:\/\/www.paris-jardins.fr\/wp-content\/uploads\/2023\/09\/1-b.-Vue-aerienne-sur-chateau-de-Draveil.jpg'><img decoding=\"async\" width=\"1125\" height=\"738\" src=\"https:\/\/www.paris-jardins.fr\/wp-content\/uploads\/2023\/09\/1-b.-Vue-aerienne-sur-chateau-de-Draveil.jpg\" class=\"attachment-full size-full\" alt=\"\" aria-describedby=\"gallery-1-568\" srcset=\"https:\/\/www.paris-jardins.fr\/wp-content\/uploads\/2023\/09\/1-b.-Vue-aerienne-sur-chateau-de-Draveil.jpg 1125w, https:\/\/www.paris-jardins.fr\/wp-content\/uploads\/2023\/09\/1-b.-Vue-aerienne-sur-chateau-de-Draveil-300x197.jpg 300w, https:\/\/www.paris-jardins.fr\/wp-content\/uploads\/2023\/09\/1-b.-Vue-aerienne-sur-chateau-de-Draveil-1024x672.jpg 1024w, https:\/\/www.paris-jardins.fr\/wp-content\/uploads\/2023\/09\/1-b.-Vue-aerienne-sur-chateau-de-Draveil-768x504.jpg 768w\" sizes=\"(max-width: 1125px) 100vw, 1125px\" \/><\/a>\n\t\t\t<\/div>\n\t\t\t\t<figcaption class='wp-caption-text gallery-caption' id='gallery-1-568'>\n\t\t\t\tVue du ciel\n\t\t\t\t<\/figcaption><\/figure><figure class='gallery-item'>\n\t\t\t<div class='gallery-icon landscape'>\n\t\t\t\t<a data-elementor-open-lightbox=\"yes\" data-elementor-lightbox-slideshow=\"7ec7a7e\" data-elementor-lightbox-title=\"12.-Lorangerie-dans-les-annees-1930-scaled\" data-e-action-hash=\"#elementor-action%3Aaction%3Dlightbox%26settings%3DeyJpZCI6NTczLCJ1cmwiOiJodHRwczpcL1wvd3d3LnBhcmlzLWphcmRpbnMuZnJcL3dwLWNvbnRlbnRcL3VwbG9hZHNcLzIwMjNcLzA5XC8xMi4tTG9yYW5nZXJpZS1kYW5zLWxlcy1hbm5lZXMtMTkzMC1zY2FsZWQtMS5qcGciLCJzbGlkZXNob3ciOiI3ZWM3YTdlIn0%3D\" href='https:\/\/www.paris-jardins.fr\/wp-content\/uploads\/2023\/09\/12.-Lorangerie-dans-les-annees-1930-scaled-1.jpg'><img decoding=\"async\" width=\"2560\" height=\"1597\" src=\"https:\/\/www.paris-jardins.fr\/wp-content\/uploads\/2023\/09\/12.-Lorangerie-dans-les-annees-1930-scaled-1.jpg\" class=\"attachment-full size-full\" alt=\"\" aria-describedby=\"gallery-1-573\" srcset=\"https:\/\/www.paris-jardins.fr\/wp-content\/uploads\/2023\/09\/12.-Lorangerie-dans-les-annees-1930-scaled-1.jpg 2560w, https:\/\/www.paris-jardins.fr\/wp-content\/uploads\/2023\/09\/12.-Lorangerie-dans-les-annees-1930-scaled-1-300x187.jpg 300w, https:\/\/www.paris-jardins.fr\/wp-content\/uploads\/2023\/09\/12.-Lorangerie-dans-les-annees-1930-scaled-1-1024x639.jpg 1024w, https:\/\/www.paris-jardins.fr\/wp-content\/uploads\/2023\/09\/12.-Lorangerie-dans-les-annees-1930-scaled-1-768x479.jpg 768w, https:\/\/www.paris-jardins.fr\/wp-content\/uploads\/2023\/09\/12.-Lorangerie-dans-les-annees-1930-scaled-1-1536x958.jpg 1536w, https:\/\/www.paris-jardins.fr\/wp-content\/uploads\/2023\/09\/12.-Lorangerie-dans-les-annees-1930-scaled-1-2048x1278.jpg 2048w\" sizes=\"(max-width: 2560px) 100vw, 2560px\" \/><\/a>\n\t\t\t<\/div>\n\t\t\t\t<figcaption class='wp-caption-text gallery-caption' id='gallery-1-573'>\n\t\t\t\tL&#8217;Orangerie dans les ann\u00e9es 1930\n\t\t\t\t<\/figcaption><\/figure><figure class='gallery-item'>\n\t\t\t<div class='gallery-icon landscape'>\n\t\t\t\t<a data-elementor-open-lightbox=\"yes\" data-elementor-lightbox-slideshow=\"7ec7a7e\" data-elementor-lightbox-title=\"13.-Les-tilleuls-du-Cloitre-2006-scaled\" data-e-action-hash=\"#elementor-action%3Aaction%3Dlightbox%26settings%3DeyJpZCI6NTcwLCJ1cmwiOiJodHRwczpcL1wvd3d3LnBhcmlzLWphcmRpbnMuZnJcL3dwLWNvbnRlbnRcL3VwbG9hZHNcLzIwMjNcLzA5XC8xMy4tTGVzLXRpbGxldWxzLWR1LUNsb2l0cmUtMjAwNi1zY2FsZWQtMS5qcGciLCJzbGlkZXNob3ciOiI3ZWM3YTdlIn0%3D\" href='https:\/\/www.paris-jardins.fr\/wp-content\/uploads\/2023\/09\/13.-Les-tilleuls-du-Cloitre-2006-scaled-1.jpg'><img loading=\"lazy\" decoding=\"async\" width=\"2560\" height=\"1700\" src=\"https:\/\/www.paris-jardins.fr\/wp-content\/uploads\/2023\/09\/13.-Les-tilleuls-du-Cloitre-2006-scaled-1.jpg\" class=\"attachment-full size-full\" alt=\"\" aria-describedby=\"gallery-1-570\" srcset=\"https:\/\/www.paris-jardins.fr\/wp-content\/uploads\/2023\/09\/13.-Les-tilleuls-du-Cloitre-2006-scaled-1.jpg 2560w, https:\/\/www.paris-jardins.fr\/wp-content\/uploads\/2023\/09\/13.-Les-tilleuls-du-Cloitre-2006-scaled-1-300x199.jpg 300w, https:\/\/www.paris-jardins.fr\/wp-content\/uploads\/2023\/09\/13.-Les-tilleuls-du-Cloitre-2006-scaled-1-1024x680.jpg 1024w, https:\/\/www.paris-jardins.fr\/wp-content\/uploads\/2023\/09\/13.-Les-tilleuls-du-Cloitre-2006-scaled-1-768x510.jpg 768w, https:\/\/www.paris-jardins.fr\/wp-content\/uploads\/2023\/09\/13.-Les-tilleuls-du-Cloitre-2006-scaled-1-1536x1020.jpg 1536w, https:\/\/www.paris-jardins.fr\/wp-content\/uploads\/2023\/09\/13.-Les-tilleuls-du-Cloitre-2006-scaled-1-2048x1360.jpg 2048w\" sizes=\"(max-width: 2560px) 100vw, 2560px\" \/><\/a>\n\t\t\t<\/div>\n\t\t\t\t<figcaption class='wp-caption-text gallery-caption' id='gallery-1-570'>\n\t\t\t\tLes tilleuls du Clo\u00eetre en 2006\n\t\t\t\t<\/figcaption><\/figure><figure class='gallery-item'>\n\t\t\t<div class='gallery-icon landscape'>\n\t\t\t\t<a data-elementor-open-lightbox=\"yes\" data-elementor-lightbox-slideshow=\"7ec7a7e\" data-elementor-lightbox-title=\"6.-Renovation-du-chateau-1980-scaled\" data-e-action-hash=\"#elementor-action%3Aaction%3Dlightbox%26settings%3DeyJpZCI6NTY5LCJ1cmwiOiJodHRwczpcL1wvd3d3LnBhcmlzLWphcmRpbnMuZnJcL3dwLWNvbnRlbnRcL3VwbG9hZHNcLzIwMjNcLzA5XC82Li1SZW5vdmF0aW9uLWR1LWNoYXRlYXUtMTk4MC1zY2FsZWQtMS5qcGciLCJzbGlkZXNob3ciOiI3ZWM3YTdlIn0%3D\" href='https:\/\/www.paris-jardins.fr\/wp-content\/uploads\/2023\/09\/6.-Renovation-du-chateau-1980-scaled-1.jpg'><img loading=\"lazy\" decoding=\"async\" width=\"2560\" height=\"1837\" src=\"https:\/\/www.paris-jardins.fr\/wp-content\/uploads\/2023\/09\/6.-Renovation-du-chateau-1980-scaled-1.jpg\" class=\"attachment-full size-full\" alt=\"\" aria-describedby=\"gallery-1-569\" srcset=\"https:\/\/www.paris-jardins.fr\/wp-content\/uploads\/2023\/09\/6.-Renovation-du-chateau-1980-scaled-1.jpg 2560w, https:\/\/www.paris-jardins.fr\/wp-content\/uploads\/2023\/09\/6.-Renovation-du-chateau-1980-scaled-1-300x215.jpg 300w, https:\/\/www.paris-jardins.fr\/wp-content\/uploads\/2023\/09\/6.-Renovation-du-chateau-1980-scaled-1-1024x735.jpg 1024w, https:\/\/www.paris-jardins.fr\/wp-content\/uploads\/2023\/09\/6.-Renovation-du-chateau-1980-scaled-1-768x551.jpg 768w, https:\/\/www.paris-jardins.fr\/wp-content\/uploads\/2023\/09\/6.-Renovation-du-chateau-1980-scaled-1-1536x1102.jpg 1536w, https:\/\/www.paris-jardins.fr\/wp-content\/uploads\/2023\/09\/6.-Renovation-du-chateau-1980-scaled-1-2048x1470.jpg 2048w\" sizes=\"(max-width: 2560px) 100vw, 2560px\" \/><\/a>\n\t\t\t<\/div>\n\t\t\t\t<figcaption class='wp-caption-text gallery-caption' id='gallery-1-569'>\n\t\t\t\tR\u00e9novation de 1980\n\t\t\t\t<\/figcaption><\/figure><figure class='gallery-item'>\n\t\t\t<div class='gallery-icon landscape'>\n\t\t\t\t<a data-elementor-open-lightbox=\"yes\" data-elementor-lightbox-slideshow=\"7ec7a7e\" data-elementor-lightbox-title=\"9.-La-Cour-dhonneur-apres-1995-scaled\" data-e-action-hash=\"#elementor-action%3Aaction%3Dlightbox%26settings%3DeyJpZCI6NTc1LCJ1cmwiOiJodHRwczpcL1wvd3d3LnBhcmlzLWphcmRpbnMuZnJcL3dwLWNvbnRlbnRcL3VwbG9hZHNcLzIwMjNcLzA5XC85Li1MYS1Db3VyLWRob25uZXVyLWFwcmVzLTE5OTUtc2NhbGVkLTEuanBnIiwic2xpZGVzaG93IjoiN2VjN2E3ZSJ9\" href='https:\/\/www.paris-jardins.fr\/wp-content\/uploads\/2023\/09\/9.-La-Cour-dhonneur-apres-1995-scaled-1.jpg'><img loading=\"lazy\" decoding=\"async\" width=\"2560\" height=\"1700\" src=\"https:\/\/www.paris-jardins.fr\/wp-content\/uploads\/2023\/09\/9.-La-Cour-dhonneur-apres-1995-scaled-1.jpg\" class=\"attachment-full size-full\" alt=\"\" aria-describedby=\"gallery-1-575\" srcset=\"https:\/\/www.paris-jardins.fr\/wp-content\/uploads\/2023\/09\/9.-La-Cour-dhonneur-apres-1995-scaled-1.jpg 2560w, https:\/\/www.paris-jardins.fr\/wp-content\/uploads\/2023\/09\/9.-La-Cour-dhonneur-apres-1995-scaled-1-300x199.jpg 300w, https:\/\/www.paris-jardins.fr\/wp-content\/uploads\/2023\/09\/9.-La-Cour-dhonneur-apres-1995-scaled-1-1024x680.jpg 1024w, https:\/\/www.paris-jardins.fr\/wp-content\/uploads\/2023\/09\/9.-La-Cour-dhonneur-apres-1995-scaled-1-768x510.jpg 768w, https:\/\/www.paris-jardins.fr\/wp-content\/uploads\/2023\/09\/9.-La-Cour-dhonneur-apres-1995-scaled-1-1536x1020.jpg 1536w, https:\/\/www.paris-jardins.fr\/wp-content\/uploads\/2023\/09\/9.-La-Cour-dhonneur-apres-1995-scaled-1-2048x1360.jpg 2048w\" sizes=\"(max-width: 2560px) 100vw, 2560px\" \/><\/a>\n\t\t\t<\/div>\n\t\t\t\t<figcaption class='wp-caption-text gallery-caption' id='gallery-1-575'>\n\t\t\t\tLa Cour d&#8217;Honneur apr\u00e8s 1995\n\t\t\t\t<\/figcaption><\/figure><figure class='gallery-item'>\n\t\t\t<div class='gallery-icon landscape'>\n\t\t\t\t<a data-elementor-open-lightbox=\"yes\" data-elementor-lightbox-slideshow=\"7ec7a7e\" data-elementor-lightbox-title=\"e89756f3-d80e-4147-9d6b-2ed585b39e90\" data-e-action-hash=\"#elementor-action%3Aaction%3Dlightbox%26settings%3DeyJpZCI6NjA2LCJ1cmwiOiJodHRwczpcL1wvd3d3LnBhcmlzLWphcmRpbnMuZnJcL3dwLWNvbnRlbnRcL3VwbG9hZHNcLzIwMjNcLzA5XC9lODk3NTZmMy1kODBlLTQxNDctOWQ2Yi0yZWQ1ODViMzllOTAuanBlZyIsInNsaWRlc2hvdyI6IjdlYzdhN2UifQ%3D%3D\" href='https:\/\/www.paris-jardins.fr\/wp-content\/uploads\/2023\/09\/e89756f3-d80e-4147-9d6b-2ed585b39e90.jpeg'><img loading=\"lazy\" decoding=\"async\" width=\"780\" height=\"508\" src=\"https:\/\/www.paris-jardins.fr\/wp-content\/uploads\/2023\/09\/e89756f3-d80e-4147-9d6b-2ed585b39e90.jpeg\" class=\"attachment-full size-full\" alt=\"\" aria-describedby=\"gallery-1-606\" srcset=\"https:\/\/www.paris-jardins.fr\/wp-content\/uploads\/2023\/09\/e89756f3-d80e-4147-9d6b-2ed585b39e90.jpeg 780w, https:\/\/www.paris-jardins.fr\/wp-content\/uploads\/2023\/09\/e89756f3-d80e-4147-9d6b-2ed585b39e90-300x195.jpeg 300w, https:\/\/www.paris-jardins.fr\/wp-content\/uploads\/2023\/09\/e89756f3-d80e-4147-9d6b-2ed585b39e90-768x500.jpeg 768w\" sizes=\"(max-width: 780px) 100vw, 780px\" \/><\/a>\n\t\t\t<\/div>\n\t\t\t\t<figcaption class='wp-caption-text gallery-caption' id='gallery-1-606'>\n\t\t\t\tCh\u00e2teau de Draveil\n\t\t\t\t<\/figcaption><\/figure><figure class='gallery-item'>\n\t\t\t<div class='gallery-icon landscape'>\n\t\t\t\t<a data-elementor-open-lightbox=\"yes\" data-elementor-lightbox-slideshow=\"7ec7a7e\" data-elementor-lightbox-title=\"PHOTO-2023-01-10-08-15-47\" data-e-action-hash=\"#elementor-action%3Aaction%3Dlightbox%26settings%3DeyJpZCI6NjA3LCJ1cmwiOiJodHRwczpcL1wvd3d3LnBhcmlzLWphcmRpbnMuZnJcL3dwLWNvbnRlbnRcL3VwbG9hZHNcLzIwMjNcLzA5XC9QSE9UTy0yMDIzLTAxLTEwLTA4LTE1LTQ3LmpwZyIsInNsaWRlc2hvdyI6IjdlYzdhN2UifQ%3D%3D\" href='https:\/\/www.paris-jardins.fr\/wp-content\/uploads\/2023\/09\/PHOTO-2023-01-10-08-15-47.jpg'><img loading=\"lazy\" decoding=\"async\" width=\"2040\" height=\"1536\" src=\"https:\/\/www.paris-jardins.fr\/wp-content\/uploads\/2023\/09\/PHOTO-2023-01-10-08-15-47.jpg\" class=\"attachment-full size-full\" alt=\"\" aria-describedby=\"gallery-1-607\" srcset=\"https:\/\/www.paris-jardins.fr\/wp-content\/uploads\/2023\/09\/PHOTO-2023-01-10-08-15-47.jpg 2040w, https:\/\/www.paris-jardins.fr\/wp-content\/uploads\/2023\/09\/PHOTO-2023-01-10-08-15-47-300x226.jpg 300w, https:\/\/www.paris-jardins.fr\/wp-content\/uploads\/2023\/09\/PHOTO-2023-01-10-08-15-47-1024x771.jpg 1024w, https:\/\/www.paris-jardins.fr\/wp-content\/uploads\/2023\/09\/PHOTO-2023-01-10-08-15-47-768x578.jpg 768w, https:\/\/www.paris-jardins.fr\/wp-content\/uploads\/2023\/09\/PHOTO-2023-01-10-08-15-47-1536x1157.jpg 1536w\" sizes=\"(max-width: 2040px) 100vw, 2040px\" \/><\/a>\n\t\t\t<\/div>\n\t\t\t\t<figcaption class='wp-caption-text gallery-caption' id='gallery-1-607'>\n\t\t\t\tLa Perspective\n\t\t\t\t<\/figcaption><\/figure>\n\t\t<\/div>\n\t\t<\/div>\n\t\t\t\t\t\t<\/div>\n\t\t\t\t<\/div>\n\t\t\t\t\t<\/div>\n\t\t<\/div>\n\t\t\t\t\t<\/div>\n\t\t<\/section>\n\t\t\t\t<section class=\"elementor-section elementor-inner-section elementor-element elementor-element-e6f89c9 elementor-section-full_width elementor-section-height-default elementor-section-height-default\" data-id=\"e6f89c9\" data-element_type=\"section\" data-e-type=\"section\">\n\t\t\t\t\t\t<div class=\"elementor-container elementor-column-gap-no\">\n\t\t\t\t\t<div class=\"elementor-column elementor-col-25 elementor-inner-column elementor-element elementor-element-c3c9b2c\" data-id=\"c3c9b2c\" data-element_type=\"column\" data-e-type=\"column\">\n\t\t\t<div class=\"elementor-widget-wrap elementor-element-populated\">\n\t\t\t\t\t\t<div class=\"elementor-element elementor-element-df2f95f elementor-widget elementor-widget-heading\" data-id=\"df2f95f\" data-element_type=\"widget\" data-e-type=\"widget\" data-widget_type=\"heading.default\">\n\t\t\t\t<div class=\"elementor-widget-container\">\n\t\t\t\t\t<h6 class=\"elementor-heading-title elementor-size-default\">BOUTs d'histoire<\/h6>\t\t\t\t<\/div>\n\t\t\t\t<\/div>\n\t\t\t\t\t<\/div>\n\t\t<\/div>\n\t\t\t\t<div class=\"elementor-column elementor-col-25 elementor-inner-column elementor-element elementor-element-1cd8140\" data-id=\"1cd8140\" data-element_type=\"column\" data-e-type=\"column\">\n\t\t\t<div class=\"elementor-widget-wrap elementor-element-populated\">\n\t\t\t\t\t\t<div class=\"elementor-element elementor-element-a8bcf4d elementor-widget elementor-widget-heading\" data-id=\"a8bcf4d\" data-element_type=\"widget\" data-e-type=\"widget\" data-widget_type=\"heading.default\">\n\t\t\t\t<div class=\"elementor-widget-container\">\n\t\t\t\t\t<h5 class=\"elementor-heading-title elementor-size-default\">Du Moyen-\u00c2ge \u00e0 nos jours se sont succ\u00e9d\u00e9s seigneur, bourgeois ou fortun\u00e9s, notables et utopistes dont voici quelques anecdotes.<\/h5>\t\t\t\t<\/div>\n\t\t\t\t<\/div>\n\t\t\t\t\t<\/div>\n\t\t<\/div>\n\t\t\t\t<div class=\"elementor-column elementor-col-50 elementor-inner-column elementor-element elementor-element-98ff3e5\" data-id=\"98ff3e5\" data-element_type=\"column\" data-e-type=\"column\">\n\t\t\t<div class=\"elementor-widget-wrap elementor-element-populated\">\n\t\t\t\t\t\t<div class=\"elementor-element elementor-element-a7d2556 elementor-widget elementor-widget-toggle\" data-id=\"a7d2556\" data-element_type=\"widget\" data-e-type=\"widget\" data-widget_type=\"toggle.default\">\n\t\t\t\t<div class=\"elementor-widget-container\">\n\t\t\t\t\t\t\t<div class=\"elementor-toggle\">\n\t\t\t\t\t\t\t<div class=\"elementor-toggle-item\">\n\t\t\t\t\t<div id=\"elementor-tab-title-1751\" class=\"elementor-tab-title\" data-tab=\"1\" role=\"button\" aria-controls=\"elementor-tab-content-1751\" aria-expanded=\"false\">\n\t\t\t\t\t\t\t\t\t\t\t\t<span class=\"elementor-toggle-icon elementor-toggle-icon-right\" aria-hidden=\"true\">\n\t\t\t\t\t\t\t\t\t\t\t\t\t\t\t<span class=\"elementor-toggle-icon-closed\"><i class=\"fas fa-caret-right\"><\/i><\/span>\n\t\t\t\t\t\t\t\t<span class=\"elementor-toggle-icon-opened\"><i class=\"elementor-toggle-icon-opened fas fa-caret-up\"><\/i><\/span>\n\t\t\t\t\t\t\t\t\t\t\t\t\t<\/span>\n\t\t\t\t\t\t\t\t\t\t\t\t<a class=\"elementor-toggle-title\" tabindex=\"0\">Marin de la Haye<\/a>\n\t\t\t\t\t<\/div>\n\n\t\t\t\t\t<div id=\"elementor-tab-content-1751\" class=\"elementor-tab-content elementor-clearfix\" data-tab=\"1\" role=\"region\" aria-labelledby=\"elementor-tab-title-1751\"><p>Au XVIII\u00e8me si\u00e8cle, le fief de Br\u00e9ban va prendre le nom de ch\u00e2teau de Draveil lorsqu\u2019un fermier g\u00e9n\u00e9ral nomm\u00e9 Marin de la Haye en fait l\u2019acquisition et reconstruit l\u2019ensemble des b\u00e2timents pour y \u00e9tablir une agr\u00e9able r\u00e9sidence de campagne. N\u00e9 en 1684, Marin de la Haye appartient \u00e0 une famille de petits employ\u00e9s de la &#8220;Ferme&#8221; (la perception privatis\u00e9e des taxes et imp\u00f4ts royaux) et, \u00e0 la troisi\u00e8me g\u00e9n\u00e9ration, il acc\u00e8de avec fiert\u00e9 au statut envi\u00e9 de fermier g\u00e9n\u00e9ral. Il en existe seulement quarante en France.<\/p><\/div>\n\t\t\t\t<\/div>\n\t\t\t\t\t\t\t<div class=\"elementor-toggle-item\">\n\t\t\t\t\t<div id=\"elementor-tab-title-1752\" class=\"elementor-tab-title\" data-tab=\"2\" role=\"button\" aria-controls=\"elementor-tab-content-1752\" aria-expanded=\"false\">\n\t\t\t\t\t\t\t\t\t\t\t\t<span class=\"elementor-toggle-icon elementor-toggle-icon-right\" aria-hidden=\"true\">\n\t\t\t\t\t\t\t\t\t\t\t\t\t\t\t<span class=\"elementor-toggle-icon-closed\"><i class=\"fas fa-caret-right\"><\/i><\/span>\n\t\t\t\t\t\t\t\t<span class=\"elementor-toggle-icon-opened\"><i class=\"elementor-toggle-icon-opened fas fa-caret-up\"><\/i><\/span>\n\t\t\t\t\t\t\t\t\t\t\t\t\t<\/span>\n\t\t\t\t\t\t\t\t\t\t\t\t<a class=\"elementor-toggle-title\" tabindex=\"0\">Lord Courtnay<\/a>\n\t\t\t\t\t<\/div>\n\n\t\t\t\t\t<div id=\"elementor-tab-content-1752\" class=\"elementor-tab-content elementor-clearfix\" data-tab=\"2\" role=\"region\" aria-labelledby=\"elementor-tab-title-1752\"><p class=\"font_7\">Lord Courtenay appartient \u00e0 une vieille famille de la noblesse anglaise, mais il a jug\u00e9 utile de mettre une certaine distance entre lui et la justice de Sa Majest\u00e9 britannique, \u00e0 la suite d\u2019affaires o\u00f9 il aurait \u00e9t\u00e9 un peu trop gay, \u00e0 une \u00e9poque o\u00f9 l\u2019Angleterre ne plaisantait pas avec ce genre de situation.<\/p><p class=\"font_7\">Il reste une trace importante de son passage puisqu\u2019il a fait apposer, sur la grille de la Cour d\u2019Honneur du ch\u00e2teau, un beau blason repr\u00e9sentant les armes qu\u2019il avait adopt\u00e9es. Entre deux sangliers dress\u00e9s sur leurs pattes arri\u00e8re, on peut lire un bandeau portant la devise : \u00ab Ubi lapsus, Quid feci \u00bb <em>(O\u00f9 est la faute, Qu\u2019ai-je fait?)<\/em>. Honni soit qui mal y pense. Par testament, Lord Courtenay l\u00e8gue le ch\u00e2teau \u00e0 son majordome, qui s\u2019empresse de le vendre \u00e0 une personnalit\u00e9 fran\u00e7aise beaucoup plus recommandable, D\u00e9sir\u00e9 Dalloz.<\/p><\/div>\n\t\t\t\t<\/div>\n\t\t\t\t\t\t\t<div class=\"elementor-toggle-item\">\n\t\t\t\t\t<div id=\"elementor-tab-title-1753\" class=\"elementor-tab-title\" data-tab=\"3\" role=\"button\" aria-controls=\"elementor-tab-content-1753\" aria-expanded=\"false\">\n\t\t\t\t\t\t\t\t\t\t\t\t<span class=\"elementor-toggle-icon elementor-toggle-icon-right\" aria-hidden=\"true\">\n\t\t\t\t\t\t\t\t\t\t\t\t\t\t\t<span class=\"elementor-toggle-icon-closed\"><i class=\"fas fa-caret-right\"><\/i><\/span>\n\t\t\t\t\t\t\t\t<span class=\"elementor-toggle-icon-opened\"><i class=\"elementor-toggle-icon-opened fas fa-caret-up\"><\/i><\/span>\n\t\t\t\t\t\t\t\t\t\t\t\t\t<\/span>\n\t\t\t\t\t\t\t\t\t\t\t\t<a class=\"elementor-toggle-title\" tabindex=\"0\">Les Laveissi\u00e8re<\/a>\n\t\t\t\t\t<\/div>\n\n\t\t\t\t\t<div id=\"elementor-tab-content-1753\" class=\"elementor-tab-content elementor-clearfix\" data-tab=\"3\" role=\"region\" aria-labelledby=\"elementor-tab-title-1753\"><p>Jules Laveissi\u00e8re appartient \u00e0 une famille d\u2019Auvergnats qui d\u00e9butent par le commerce de la ferraille et montent \u00e0 Paris, o\u00f9 ils d\u00e9veloppent de multiples activit\u00e9s commerciales. Ils sont surtout int\u00e9ress\u00e9s par les droits de chasse en for\u00eat de S\u00e9nart li\u00e9s \u00e0 la possession du ch\u00e2teau, mais cherchent aussi \u00e0 faire de leur propri\u00e9t\u00e9 un point de ralliement pour de grande r\u00e9unions familiales agr\u00e9ment\u00e9es de repr\u00e9sentations th\u00e9atrales. Ils modifient la physionomie du ch\u00e2teau en reliant les deux ailes, du c\u00f4t\u00e9 de la cour d\u2019honneur, par une galerie couverte surmont\u00e9e d\u2019une terrasse. Cette pi\u00e8ce qui constitue aujourd\u2019hui le vestibule d\u2019entr\u00e9e porte toujours le nom de salle Laveissi\u00e8re.<\/p><\/div>\n\t\t\t\t<\/div>\n\t\t\t\t\t\t\t<div class=\"elementor-toggle-item\">\n\t\t\t\t\t<div id=\"elementor-tab-title-1754\" class=\"elementor-tab-title\" data-tab=\"4\" role=\"button\" aria-controls=\"elementor-tab-content-1754\" aria-expanded=\"false\">\n\t\t\t\t\t\t\t\t\t\t\t\t<span class=\"elementor-toggle-icon elementor-toggle-icon-right\" aria-hidden=\"true\">\n\t\t\t\t\t\t\t\t\t\t\t\t\t\t\t<span class=\"elementor-toggle-icon-closed\"><i class=\"fas fa-caret-right\"><\/i><\/span>\n\t\t\t\t\t\t\t\t<span class=\"elementor-toggle-icon-opened\"><i class=\"elementor-toggle-icon-opened fas fa-caret-up\"><\/i><\/span>\n\t\t\t\t\t\t\t\t\t\t\t\t\t<\/span>\n\t\t\t\t\t\t\t\t\t\t\t\t<a class=\"elementor-toggle-title\" tabindex=\"0\">Les fondateurs<\/a>\n\t\t\t\t\t<\/div>\n\n\t\t\t\t\t<div id=\"elementor-tab-content-1754\" class=\"elementor-tab-content elementor-clearfix\" data-tab=\"4\" role=\"region\" aria-labelledby=\"elementor-tab-title-1754\"><p>La transformation de Paris sous le Second Empire a entrain\u00e9 une profonde modification sociale. Les classes populaires ont \u00e9t\u00e9 rejet\u00e9es dans les arrondissements p\u00e9riph\u00e9riques o\u00f9 elles vivent souvent dans des taudis et des conditions sanitaires pr\u00e9caires. Sur un mod\u00e8le import\u00e9 de Grande-Bretagne o\u00f9 le ph\u00e9nom\u00e8ne est encore plus marqu\u00e9 qu\u2019en France, na\u00eet l\u2019id\u00e9e de construire des \u00ab villes \u00e0 la campagne \u00bb, cr\u00e9\u00e9es dans un esprit mutualiste par des ouvriers et petits employ\u00e9s. Ainsi se forme, \u00e0 l\u2019initiative d\u2019hommes qui ont pour noms Albert Meyer, Pernet, Filderman, le projet d\u2019une cit\u00e9-jardin \u00e0 la fran\u00e7aise sous le nom de Cit\u00e9 Coop\u00e9rative de Paris-Jardins. Ces fondateurs sont directement inspir\u00e9s par les principes du socialisme, et en particulier ceux du socialisme utopique, et r\u00eavent de mettre en place un ensemble communautaire, mais il faut noter que les statuts de la Cit\u00e9 Coop\u00e9rative ne feront jamais r\u00e9f\u00e9rence explicite \u00e0 aucune activit\u00e9 de caract\u00e8re politique. C&#8217;est ainsi qu&#8217;ils trouvent ce site pour r\u00e9aliser le projet.<\/p><\/div>\n\t\t\t\t<\/div>\n\t\t\t\t\t\t\t\t<\/div>\n\t\t\t\t\t\t<\/div>\n\t\t\t\t<\/div>\n\t\t\t\t\t<\/div>\n\t\t<\/div>\n\t\t\t\t\t<\/div>\n\t\t<\/section>\n\t\t\t\t<section class=\"elementor-section elementor-inner-section elementor-element elementor-element-cff0da3 elementor-section-full_width elementor-section-height-default elementor-section-height-default\" data-id=\"cff0da3\" data-element_type=\"section\" data-e-type=\"section\">\n\t\t\t\t\t\t<div class=\"elementor-container elementor-column-gap-no\">\n\t\t\t\t\t<div class=\"elementor-column elementor-col-50 elementor-inner-column elementor-element elementor-element-546e408\" data-id=\"546e408\" data-element_type=\"column\" data-e-type=\"column\">\n\t\t\t<div class=\"elementor-widget-wrap elementor-element-populated\">\n\t\t\t\t\t\t<div class=\"elementor-element elementor-element-b7a8d85 elementor-widget elementor-widget-heading\" data-id=\"b7a8d85\" data-element_type=\"widget\" data-e-type=\"widget\" data-widget_type=\"heading.default\">\n\t\t\t\t<div class=\"elementor-widget-container\">\n\t\t\t\t\t<h6 class=\"elementor-heading-title elementor-size-default\">Contact<\/h6>\t\t\t\t<\/div>\n\t\t\t\t<\/div>\n\t\t\t\t\t<\/div>\n\t\t<\/div>\n\t\t\t\t<div class=\"elementor-column elementor-col-50 elementor-inner-column elementor-element elementor-element-f42b9a2\" data-id=\"f42b9a2\" data-element_type=\"column\" data-e-type=\"column\">\n\t\t\t<div class=\"elementor-widget-wrap elementor-element-populated\">\n\t\t\t\t\t\t<div class=\"elementor-element elementor-element-9b91b32 elementor-widget elementor-widget-heading\" data-id=\"9b91b32\" data-element_type=\"widget\" data-e-type=\"widget\" data-widget_type=\"heading.default\">\n\t\t\t\t<div class=\"elementor-widget-container\">\n\t\t\t\t\t<h2 class=\"elementor-heading-title elementor-size-default\">Pour nous rencontrer, rendez-vous au Ch\u00e2teau ou pour nous joindre :<\/h2>\t\t\t\t<\/div>\n\t\t\t\t<\/div>\n\t\t\t\t<div class=\"elementor-element elementor-element-5e704e0 elementor-icon-list--layout-traditional elementor-list-item-link-full_width elementor-widget elementor-widget-icon-list\" data-id=\"5e704e0\" data-element_type=\"widget\" data-e-type=\"widget\" data-widget_type=\"icon-list.default\">\n\t\t\t\t<div class=\"elementor-widget-container\">\n\t\t\t\t\t\t\t<ul class=\"elementor-icon-list-items\">\n\t\t\t\t\t\t\t<li class=\"elementor-icon-list-item\">\n\t\t\t\t\t\t\t\t\t\t\t<span class=\"elementor-icon-list-icon\">\n\t\t\t\t\t\t\t<i aria-hidden=\"true\" class=\"fas fa-phone-alt\"><\/i>\t\t\t\t\t\t<\/span>\n\t\t\t\t\t\t\t\t\t\t<span class=\"elementor-icon-list-text\">01 69 42 30 22<\/span>\n\t\t\t\t\t\t\t\t\t<\/li>\n\t\t\t\t\t\t\t\t<li class=\"elementor-icon-list-item\">\n\t\t\t\t\t\t\t\t\t\t\t<span class=\"elementor-icon-list-icon\">\n\t\t\t\t\t\t\t<i aria-hidden=\"true\" class=\"fas fa-envelope\"><\/i>\t\t\t\t\t\t<\/span>\n\t\t\t\t\t\t\t\t\t\t<span class=\"elementor-icon-list-text\">secretariat@paris-jardins.fr<\/span>\n\t\t\t\t\t\t\t\t\t<\/li>\n\t\t\t\t\t\t\t\t<li class=\"elementor-icon-list-item\">\n\t\t\t\t\t\t\t\t\t\t\t<span class=\"elementor-icon-list-icon\">\n\t\t\t\t\t\t\t<i aria-hidden=\"true\" class=\"fas fa-map-marker-alt\"><\/i>\t\t\t\t\t\t<\/span>\n\t\t\t\t\t\t\t\t\t\t<span class=\"elementor-icon-list-text\">Cour d'Honneur, boulevard Henri Barbusse 91210 Draveil<\/span>\n\t\t\t\t\t\t\t\t\t<\/li>\n\t\t\t\t\t\t\t\t<li class=\"elementor-icon-list-item\">\n\t\t\t\t\t\t\t\t\t\t\t<span class=\"elementor-icon-list-icon\">\n\t\t\t\t\t\t\t<i aria-hidden=\"true\" class=\"far fa-clock\"><\/i>\t\t\t\t\t\t<\/span>\n\t\t\t\t\t\t\t\t\t\t<span class=\"elementor-icon-list-text\">Le secr\u00e9tariat est ouvert :<br>mardi de 13h \u00e0 16h<br>mercredi de 10h30 \u00e0 13h30<br>jeudi de 13h \u00e0 16h<br>vendredi de 10h30 \u00e0 13h30<br>samedi de 10h \u00e0 12h<\/span>\n\t\t\t\t\t\t\t\t\t<\/li>\n\t\t\t\t\t\t<\/ul>\n\t\t\t\t\t\t<\/div>\n\t\t\t\t<\/div>\n\t\t\t\t\t<\/div>\n\t\t<\/div>\n\t\t\t\t\t<\/div>\n\t\t<\/section>\n\t\t\t\t\t<\/div>\n\t\t<\/div>\n\t\t\t\t\t<\/div>\n\t\t<\/section>\n\t\t\t\t<\/div>\n\t\t","protected":false},"excerpt":{"rendered":"<p>Bienvenue dans le domaine priv\u00e9de Paris-Jardins,cit\u00e9 coop\u00e9rative depuis 1911 ACC\u00c9DER \u00c0 MON COMPTE \u00c0 PROPOS En retrait du boulevard Henri Barbusse, face aux tilleuls de l&#8217;avenue Marcellin Berthelot, l&#8217;\u00e9l\u00e9gante fa\u00e7ade ros\u00e9e d&#8217;un ch\u00e2teau du XVIII\u00e8 si\u00e8cle se dessine derri\u00e8re une haute grille \u00e0 armoirie. Parmi les Draveillois, nombreux sont ceux qui ignorent que ce ch\u00e2teau &hellip;<\/p>\n<p class=\"read-more\"> <a class=\"\" href=\"https:\/\/www.paris-jardins.fr\/\"> <span class=\"screen-reader-text\">Accueil<\/span> Lire la suite\u00a0\u00bb<\/a><\/p>\n","protected":false},"author":474,"featured_media":0,"parent":0,"menu_order":0,"comment_status":"closed","ping_status":"closed","template":"","meta":{"site-sidebar-layout":"no-sidebar","site-content-layout":"page-builder","ast-site-content-layout":"full-width-container","site-content-style":"unboxed","site-sidebar-style":"unboxed","ast-global-header-display":"","ast-banner-title-visibility":"","ast-main-header-display":"","ast-hfb-above-header-display":"","ast-hfb-below-header-display":"","ast-hfb-mobile-header-display":"","site-post-title":"disabled","ast-breadcrumbs-content":"","ast-featured-img":"disabled","footer-sml-layout":"","theme-transparent-header-meta":"enabled","adv-header-id-meta":"","stick-header-meta":"","header-above-stick-meta":"","header-main-stick-meta":"","header-below-stick-meta":"","astra-migrate-meta-layouts":"set","footnotes":""},"class_list":["post-545","page","type-page","status-publish","hentry"],"_links":{"self":[{"href":"https:\/\/www.paris-jardins.fr\/index.php\/wp-json\/wp\/v2\/pages\/545","targetHints":{"allow":["GET"]}}],"collection":[{"href":"https:\/\/www.paris-jardins.fr\/index.php\/wp-json\/wp\/v2\/pages"}],"about":[{"href":"https:\/\/www.paris-jardins.fr\/index.php\/wp-json\/wp\/v2\/types\/page"}],"author":[{"embeddable":true,"href":"https:\/\/www.paris-jardins.fr\/index.php\/wp-json\/wp\/v2\/users\/474"}],"replies":[{"embeddable":true,"href":"https:\/\/www.paris-jardins.fr\/index.php\/wp-json\/wp\/v2\/comments?post=545"}],"version-history":[{"count":30,"href":"https:\/\/www.paris-jardins.fr\/index.php\/wp-json\/wp\/v2\/pages\/545\/revisions"}],"predecessor-version":[{"id":1822,"href":"https:\/\/www.paris-jardins.fr\/index.php\/wp-json\/wp\/v2\/pages\/545\/revisions\/1822"}],"wp:attachment":[{"href":"https:\/\/www.paris-jardins.fr\/index.php\/wp-json\/wp\/v2\/media?parent=545"}],"curies":[{"name":"wp","href":"https:\/\/api.w.org\/{rel}","templated":true}]}}